{"id":4277,"date":"2025-12-02T11:24:02","date_gmt":"2025-12-02T10:24:02","guid":{"rendered":"https:\/\/stephanie-wedding.com\/?page_id=4277"},"modified":"2026-03-25T09:19:39","modified_gmt":"2026-03-25T08:19:39","slug":"liefdesverhalen","status":"publish","type":"page","link":"https:\/\/stephanie-wedding.com\/nl\/love-stories\/","title":{"rendered":"Liefdesverhalen"},"content":{"rendered":"<div data-elementor-type=\"wp-page\" data-elementor-id=\"4277\" class=\"elementor elementor-4277\" data-elementor-post-type=\"page\">\n\t\t\t\t<div class=\"elementor-element elementor-element-5f5c139 e-con-full e-flex e-con e-parent\" data-id=\"5f5c139\" data-element_type=\"container\" data-e-type=\"container\" data-settings=\"{&quot;background_background&quot;:&quot;classic&quot;}\">\n\t\t\t\t<div class=\"elementor-element elementor-element-c7761e9 elementor-widget elementor-widget-heading\" data-id=\"c7761e9\" data-element_type=\"widget\" data-e-type=\"widget\" data-widget_type=\"heading.default\">\n\t\t\t\t<div class=\"elementor-widget-container\">\n\t\t\t\t\t<h1 class=\"elementor-heading-title elementor-size-default\">Liefdesverhalen<\/h1>\t\t\t\t<\/div>\n\t\t\t\t<\/div>\n\t\t\t\t<div class=\"elementor-element elementor-element-adef786 elementor-widget elementor-widget-spacer\" data-id=\"adef786\" data-element_type=\"widget\" data-e-type=\"widget\" data-widget_type=\"spacer.default\">\n\t\t\t\t<div class=\"elementor-widget-container\">\n\t\t\t\t\t\t\t<div class=\"elementor-spacer\">\n\t\t\t<div class=\"elementor-spacer-inner\"><\/div>\n\t\t<\/div>\n\t\t\t\t\t\t<\/div>\n\t\t\t\t<\/div>\n\t\t\t\t<div class=\"elementor-element elementor-element-786f49a elementor-align-center elementor-widget elementor-widget-global elementor-global-5338 elementor-widget-button\" data-id=\"786f49a\" data-element_type=\"widget\" data-e-type=\"widget\" data-widget_type=\"button.default\">\n\t\t\t\t<div class=\"elementor-widget-container\">\n\t\t\t\t\t\t\t\t\t<div class=\"elementor-button-wrapper\">\n\t\t\t\t\t<a class=\"elementor-button elementor-button-link elementor-size-sm\" href=\"https:\/\/stephanie-wedding.com\/nl\/kontakt\/\">\n\t\t\t\t\t\t<span class=\"elementor-button-content-wrapper\">\n\t\t\t\t\t\t\t\t\t<span class=\"elementor-button-text\">Eerste gesprek aanvragen<\/span>\n\t\t\t\t\t<\/span>\n\t\t\t\t\t<\/a>\n\t\t\t\t<\/div>\n\t\t\t\t\t\t\t\t<\/div>\n\t\t\t\t<\/div>\n\t\t\t\t<\/div>\n\t\t\t\t<section class=\"elementor-section elementor-top-section elementor-element elementor-element-b8fa2b4 elementor-section-boxed elementor-section-height-default elementor-section-height-default\" data-id=\"b8fa2b4\" data-element_type=\"section\" data-e-type=\"section\" data-settings=\"{&quot;background_background&quot;:&quot;classic&quot;}\">\n\t\t\t\t\t\t<div class=\"elementor-container elementor-column-gap-default\">\n\t\t\t\t\t<div class=\"elementor-column elementor-col-50 elementor-top-column elementor-element elementor-element-38de250\" data-id=\"38de250\" data-element_type=\"column\" data-e-type=\"column\">\n\t\t\t<div class=\"elementor-widget-wrap elementor-element-populated\">\n\t\t\t\t\t\t<div class=\"elementor-element elementor-element-407be98 elementor-widget elementor-widget-heading\" data-id=\"407be98\" data-element_type=\"widget\" data-e-type=\"widget\" data-widget_type=\"heading.default\">\n\t\t\t\t<div class=\"elementor-widget-container\">\n\t\t\t\t\t<h2 class=\"elementor-heading-title elementor-size-default\">Elke bruiloft vertelt zijn eigen verhaal<\/h2>\t\t\t\t<\/div>\n\t\t\t\t<\/div>\n\t\t\t\t<div class=\"elementor-element elementor-element-3cf32e8 elementor-widget elementor-widget-heading\" data-id=\"3cf32e8\" data-element_type=\"widget\" data-e-type=\"widget\" data-widget_type=\"heading.default\">\n\t\t\t\t<div class=\"elementor-widget-container\">\n\t\t\t\t\t<h3 class=\"elementor-heading-title elementor-size-default\">Bruiloften op maat, gepland met structuur en verfijning<\/h3>\t\t\t\t<\/div>\n\t\t\t\t<\/div>\n\t\t\t\t<div class=\"elementor-element elementor-element-9422f5d elementor-widget elementor-widget-text-editor\" data-id=\"9422f5d\" data-element_type=\"widget\" data-e-type=\"widget\" data-widget_type=\"text-editor.default\">\n\t\t\t\t<div class=\"elementor-widget-container\">\n\t\t\t\t\t\t\t\t\t<p data-start=\"490\" data-end=\"730\">Geen twee bruiloften zijn hetzelfde. Verschillende persoonlijkheden, locaties en algemene omstandigheden leiden tot heel individuele vieringen. In mijn Love Stories laat ik een aantal bruiloften zien die ik heb mogen plannen en begeleiden.<\/p><p data-start=\"732\" data-end=\"836\">De focus ligt niet op enscenering, maar op het samenspel van concept, locatie en proces.<\/p>\t\t\t\t\t\t\t\t<\/div>\n\t\t\t\t<\/div>\n\t\t\t\t<div class=\"elementor-element elementor-element-bdbe00d elementor-align-left elementor-widget elementor-widget-global elementor-global-5350 elementor-widget-button\" data-id=\"bdbe00d\" data-element_type=\"widget\" data-e-type=\"widget\" data-widget_type=\"button.default\">\n\t\t\t\t<div class=\"elementor-widget-container\">\n\t\t\t\t\t\t\t\t\t<div class=\"elementor-button-wrapper\">\n\t\t\t\t\t<a class=\"elementor-button elementor-button-link elementor-size-sm\" href=\"https:\/\/stephanie-wedding.com\/nl\/kontakt\/\">\n\t\t\t\t\t\t<span class=\"elementor-button-content-wrapper\">\n\t\t\t\t\t\t\t\t\t<span class=\"elementor-button-text\">Eerste gesprek aanvragen<\/span>\n\t\t\t\t\t<\/span>\n\t\t\t\t\t<\/a>\n\t\t\t\t<\/div>\n\t\t\t\t\t\t\t\t<\/div>\n\t\t\t\t<\/div>\n\t\t\t\t\t<\/div>\n\t\t<\/div>\n\t\t\t\t<div class=\"elementor-column elementor-col-50 elementor-top-column elementor-element elementor-element-bd21397\" data-id=\"bd21397\" data-element_type=\"column\" data-e-type=\"column\">\n\t\t\t<div class=\"elementor-widget-wrap elementor-element-populated\">\n\t\t\t\t\t\t<div class=\"elementor-element elementor-element-7237f8b elementor-widget elementor-widget-image\" data-id=\"7237f8b\" data-element_type=\"widget\" data-e-type=\"widget\" data-widget_type=\"image.default\">\n\t\t\t\t<div class=\"elementor-widget-container\">\n\t\t\t\t\t\t\t\t\t\t\t\t\t\t\t<img fetchpriority=\"high\" decoding=\"async\" width=\"1707\" height=\"2560\" src=\"https:\/\/stephanie-wedding.com\/wp-content\/uploads\/2026\/01\/stephanie-weddings-hochzeitsplanung-oesterreich-8-scaled.jpg\" class=\"attachment-full size-full wp-image-4743\" alt=\"Ein \u00e4lteres Ehepaar in f\u00f6rmlicher Kleidung steht im Freien, umgeben von bunten Blumen und Kerzen, und l\u00e4chelt sich gegenseitig zu - und f\u00e4ngt damit die Freude \u00fcber eine Hochzeit in S\u00fcddeutschland ein.\" srcset=\"https:\/\/stephanie-wedding.com\/wp-content\/uploads\/2026\/01\/stephanie-weddings-hochzeitsplanung-oesterreich-8-scaled.jpg 1707w, https:\/\/stephanie-wedding.com\/wp-content\/uploads\/2026\/01\/stephanie-weddings-hochzeitsplanung-oesterreich-8-200x300.jpg 200w, https:\/\/stephanie-wedding.com\/wp-content\/uploads\/2026\/01\/stephanie-weddings-hochzeitsplanung-oesterreich-8-683x1024.jpg 683w, https:\/\/stephanie-wedding.com\/wp-content\/uploads\/2026\/01\/stephanie-weddings-hochzeitsplanung-oesterreich-8-768x1152.jpg 768w, https:\/\/stephanie-wedding.com\/wp-content\/uploads\/2026\/01\/stephanie-weddings-hochzeitsplanung-oesterreich-8-1024x1536.jpg 1024w, https:\/\/stephanie-wedding.com\/wp-content\/uploads\/2026\/01\/stephanie-weddings-hochzeitsplanung-oesterreich-8-1365x2048.jpg 1365w\" sizes=\"(max-width: 1707px) 100vw, 1707px\" \/>\t\t\t\t\t\t\t\t\t\t\t\t\t\t\t<\/div>\n\t\t\t\t<\/div>\n\t\t\t\t\t<\/div>\n\t\t<\/div>\n\t\t\t\t\t<\/div>\n\t\t<\/section>\n\t\t<div class=\"elementor-element elementor-element-bfd8865 e-con-full e-flex e-con e-parent\" data-id=\"bfd8865\" data-element_type=\"container\" data-e-type=\"container\" data-settings=\"{&quot;background_background&quot;:&quot;classic&quot;}\">\n\t\t\t\t<div class=\"elementor-element elementor-element-12465ef elementor-widget elementor-widget-heading\" data-id=\"12465ef\" data-element_type=\"widget\" data-e-type=\"widget\" data-widget_type=\"heading.default\">\n\t\t\t\t<div class=\"elementor-widget-container\">\n\t\t\t\t\t<h2 class=\"elementor-heading-title elementor-size-default\">Mijn diensten als exclusieve weddingplanner<\/h2>\t\t\t\t<\/div>\n\t\t\t\t<\/div>\n\t\t\t\t<div class=\"elementor-element elementor-element-589f41e elementor-widget elementor-widget-heading\" data-id=\"589f41e\" data-element_type=\"widget\" data-e-type=\"widget\" data-widget_type=\"heading.default\">\n\t\t\t\t<div class=\"elementor-widget-container\">\n\t\t\t\t\t<h3 class=\"elementor-heading-title elementor-size-default\">Voor Oostenrijk &amp; Zuid-Duitsland<\/h3>\t\t\t\t<\/div>\n\t\t\t\t<\/div>\n\t\t\t\t<div class=\"elementor-element elementor-element-6beace4 elementor-widget elementor-widget-text-editor\" data-id=\"6beace4\" data-element_type=\"widget\" data-e-type=\"widget\" data-widget_type=\"text-editor.default\">\n\t\t\t\t<div class=\"elementor-widget-container\">\n\t\t\t\t\t\t\t\t\t<p data-start=\"90\" data-end=\"296\">Ik help bruidsparen met het plannen van exclusieve bruiloften in Oostenrijk en Zuid-Duitsland. Elk feest wordt gecre\u00eberd op basis van een duidelijk concept, afgestemd op de persoonlijkheid, stijl en setting van de bruiloft.<\/p><p data-start=\"298\" data-end=\"514\">Van planning tot realisatie co\u00f6rdineer ik alle processen en dienstverleners met een hoge standaard van structuur, kwaliteit en betrouwbaarheid - zodat jullie ontspannen en bewust kunnen genieten van jullie trouwdag.<\/p>\t\t\t\t\t\t\t\t<\/div>\n\t\t\t\t<\/div>\n\t\t<div class=\"elementor-element elementor-element-0cd8f67 e-con-full e-flex e-con e-child\" data-id=\"0cd8f67\" data-element_type=\"container\" data-e-type=\"container\">\n\t\t<div class=\"elementor-element elementor-element-1cefe8f e-con-full e-grid e-con e-child\" data-id=\"1cefe8f\" data-element_type=\"container\" data-e-type=\"container\">\n\t\t\t\t<div class=\"elementor-element elementor-element-cc8f8db elementor-cta--skin-cover elementor-cta--valign-bottom elementor-bg-transform elementor-bg-transform-zoom-in elementor-widget elementor-widget-call-to-action\" data-id=\"cc8f8db\" data-element_type=\"widget\" data-e-type=\"widget\" data-widget_type=\"call-to-action.default\">\n\t\t\t\t<div class=\"elementor-widget-container\">\n\t\t\t\t\t\t\t<div class=\"elementor-cta\">\n\t\t\t\t\t<div class=\"elementor-cta__bg-wrapper\">\n\t\t\t\t<div class=\"elementor-cta__bg elementor-bg\" style=\"background-image: url(https:\/\/stephanie-wedding.com\/wp-content\/uploads\/2026\/01\/stephanie-weddings-hochzeitsplanerin-in-den-bergen-1-scaled.jpg);\" role=\"img\" aria-label=\"Braut und Br\u00e4utigam halten sich an den H\u00e4nden, blicken sich an, stehen im Freien an einem Holzgel\u00e4nder mit den Bergen im Hintergrund - eine unvergessliche Hochzeit in \u00d6sterreich, perfekt koordiniert von einer erfahrenen Hochzeitsplanerin.\"><\/div>\n\t\t\t\t<div class=\"elementor-cta__bg-overlay\"><\/div>\n\t\t\t<\/div>\n\t\t\t\t\t\t\t<div class=\"elementor-cta__content\">\n\t\t\t\t\n\t\t\t\t\t\t\t\t\t<h3 class=\"elementor-cta__title elementor-cta__content-item elementor-content-item\">\n\t\t\t\t\t\tSabrina &amp; Andreas\t\t\t\t\t<\/h3>\n\t\t\t\t\n\t\t\t\t\t\t\t\t\t<div class=\"elementor-cta__description elementor-cta__content-item elementor-content-item\">\n\t\t\t\t\t\tTrouwen in de bergen\t\t\t\t\t<\/div>\n\t\t\t\t\n\t\t\t\t\t\t\t\t\t<div class=\"elementor-cta__button-wrapper elementor-cta__content-item elementor-content-item\">\n\t\t\t\t\t<a class=\"elementor-cta__button elementor-button elementor-size-\" href=\"https:\/\/stephanie-wedding.com\/nl\/sabrina-und-andreas\/\" target=\"_blank\">\n\t\t\t\t\t\tMeer informatie\t\t\t\t\t<\/a>\n\t\t\t\t\t<\/div>\n\t\t\t\t\t\t\t<\/div>\n\t\t\t\t\t\t<\/div>\n\t\t\t\t\t\t<\/div>\n\t\t\t\t<\/div>\n\t\t\t\t<div class=\"elementor-element elementor-element-2e3c97f elementor-cta--skin-cover elementor-cta--valign-bottom elementor-bg-transform elementor-bg-transform-zoom-in elementor-widget elementor-widget-call-to-action\" data-id=\"2e3c97f\" data-element_type=\"widget\" data-e-type=\"widget\" data-widget_type=\"call-to-action.default\">\n\t\t\t\t<div class=\"elementor-widget-container\">\n\t\t\t\t\t\t\t<div class=\"elementor-cta\">\n\t\t\t\t\t<div class=\"elementor-cta__bg-wrapper\">\n\t\t\t\t<div class=\"elementor-cta__bg elementor-bg\" style=\"background-image: url(https:\/\/stephanie-wedding.com\/wp-content\/uploads\/2026\/01\/stephanie-weddings-hochzeitsplanerin-zell-am-see-1-scaled.jpg);\" role=\"img\" aria-label=\"Braut und Br\u00e4utigam k\u00fcssen sich bei einer Hochzeitszeremonie im Freien am See in \u00d6sterreich, wundersch\u00f6n umrahmt von Blumenb\u00f6gen - ein unvergesslicher Moment, geschaffen von einer erfahrenen Hochzeitsplanerin.\"><\/div>\n\t\t\t\t<div class=\"elementor-cta__bg-overlay\"><\/div>\n\t\t\t<\/div>\n\t\t\t\t\t\t\t<div class=\"elementor-cta__content\">\n\t\t\t\t\n\t\t\t\t\t\t\t\t\t<h3 class=\"elementor-cta__title elementor-cta__content-item elementor-content-item\">\n\t\t\t\t\t\tStephanie &amp; Chris\t\t\t\t\t<\/h3>\n\t\t\t\t\n\t\t\t\t\t\t\t\t\t<div class=\"elementor-cta__description elementor-cta__content-item elementor-content-item\">\n\t\t\t\t\t\tBruiloft in Zell am See\t\t\t\t\t<\/div>\n\t\t\t\t\n\t\t\t\t\t\t\t\t\t<div class=\"elementor-cta__button-wrapper elementor-cta__content-item elementor-content-item\">\n\t\t\t\t\t<a class=\"elementor-cta__button elementor-button elementor-size-\" href=\"https:\/\/stephanie-wedding.com\/nl\/stephanie-und-chris\/\" target=\"_blank\">\n\t\t\t\t\t\tMeer informatie\t\t\t\t\t<\/a>\n\t\t\t\t\t<\/div>\n\t\t\t\t\t\t\t<\/div>\n\t\t\t\t\t\t<\/div>\n\t\t\t\t\t\t<\/div>\n\t\t\t\t<\/div>\n\t\t\t\t<div class=\"elementor-element elementor-element-26ef3d8 elementor-cta--skin-cover elementor-cta--valign-bottom elementor-bg-transform elementor-bg-transform-zoom-in elementor-widget elementor-widget-call-to-action\" data-id=\"26ef3d8\" data-element_type=\"widget\" data-e-type=\"widget\" data-widget_type=\"call-to-action.default\">\n\t\t\t\t<div class=\"elementor-widget-container\">\n\t\t\t\t\t\t\t<div class=\"elementor-cta\">\n\t\t\t\t\t<div class=\"elementor-cta__bg-wrapper\">\n\t\t\t\t<div class=\"elementor-cta__bg elementor-bg\" style=\"background-image: url(https:\/\/stephanie-wedding.com\/wp-content\/uploads\/2026\/01\/stephanie-weddings-hochzeitsplanerin-fuschlsee-1-scaled.jpg);\" role=\"img\" aria-label=\"Braut und Br\u00e4utigam umarmen sich an einem t\u00fcrkisfarbenen See mit Bergen im Hintergrund an einem sonnigen Tag - eine perfekte Hochzeit in S\u00fcddeutschland.\"><\/div>\n\t\t\t\t<div class=\"elementor-cta__bg-overlay\"><\/div>\n\t\t\t<\/div>\n\t\t\t\t\t\t\t<div class=\"elementor-cta__content\">\n\t\t\t\t\n\t\t\t\t\t\t\t\t\t<h3 class=\"elementor-cta__title elementor-cta__content-item elementor-content-item\">\n\t\t\t\t\t\tAnnabell &amp; Sebastian\t\t\t\t\t<\/h3>\n\t\t\t\t\n\t\t\t\t\t\t\t\t\t<div class=\"elementor-cta__description elementor-cta__content-item elementor-content-item\">\n\t\t\t\t\t\tBruiloft aan het Fuschlermeer\t\t\t\t\t<\/div>\n\t\t\t\t\n\t\t\t\t\t\t\t\t\t<div class=\"elementor-cta__button-wrapper elementor-cta__content-item elementor-content-item\">\n\t\t\t\t\t<a class=\"elementor-cta__button elementor-button elementor-size-\" href=\"https:\/\/stephanie-wedding.com\/nl\/annabel-und-sebastian\/\" target=\"_blank\">\n\t\t\t\t\t\tMeer informatie\t\t\t\t\t<\/a>\n\t\t\t\t\t<\/div>\n\t\t\t\t\t\t\t<\/div>\n\t\t\t\t\t\t<\/div>\n\t\t\t\t\t\t<\/div>\n\t\t\t\t<\/div>\n\t\t\t\t<div class=\"elementor-element elementor-element-2f48034 elementor-cta--skin-cover elementor-cta--valign-bottom elementor-bg-transform elementor-bg-transform-zoom-in elementor-widget elementor-widget-call-to-action\" data-id=\"2f48034\" data-element_type=\"widget\" data-e-type=\"widget\" data-widget_type=\"call-to-action.default\">\n\t\t\t\t<div class=\"elementor-widget-container\">\n\t\t\t\t\t\t\t<div class=\"elementor-cta\">\n\t\t\t\t\t<div class=\"elementor-cta__bg-wrapper\">\n\t\t\t\t<div class=\"elementor-cta__bg elementor-bg\" style=\"background-image: url(https:\/\/stephanie-wedding.com\/wp-content\/uploads\/2026\/01\/stephanie-weddings-hochzeitsplanung-real-wedding19-scaled.jpg);\" role=\"img\" aria-label=\"Braut und Br\u00e4utigam l\u00e4cheln sich auf einem h\u00f6lzernen Steg am Wasser an, die Braut h\u00e4lt einen Blumenstrau\u00df in der Hand - so wird der Zauber einer Hochzeit in S\u00fcddeutschland eingefangen.\"><\/div>\n\t\t\t\t<div class=\"elementor-cta__bg-overlay\"><\/div>\n\t\t\t<\/div>\n\t\t\t\t\t\t\t<div class=\"elementor-cta__content\">\n\t\t\t\t\n\t\t\t\t\t\t\t\t\t<h3 class=\"elementor-cta__title elementor-cta__content-item elementor-content-item\">\n\t\t\t\t\t\tDaniela &amp; Claus\t\t\t\t\t<\/h3>\n\t\t\t\t\n\t\t\t\t\t\t\t\t\t<div class=\"elementor-cta__description elementor-cta__content-item elementor-content-item\">\n\t\t\t\t\t\tBruiloft aan het Fuschlermeer\t\t\t\t\t<\/div>\n\t\t\t\t\n\t\t\t\t\t\t\t\t\t<div class=\"elementor-cta__button-wrapper elementor-cta__content-item elementor-content-item\">\n\t\t\t\t\t<a class=\"elementor-cta__button elementor-button elementor-size-\" href=\"https:\/\/stephanie-wedding.com\/nl\/daniela-claus\/\" target=\"_blank\">\n\t\t\t\t\t\tMeer informatie\t\t\t\t\t<\/a>\n\t\t\t\t\t<\/div>\n\t\t\t\t\t\t\t<\/div>\n\t\t\t\t\t\t<\/div>\n\t\t\t\t\t\t<\/div>\n\t\t\t\t<\/div>\n\t\t\t\t<div class=\"elementor-element elementor-element-df52c35 elementor-cta--skin-cover elementor-cta--valign-bottom elementor-bg-transform elementor-bg-transform-zoom-in elementor-widget elementor-widget-call-to-action\" data-id=\"df52c35\" data-element_type=\"widget\" data-e-type=\"widget\" data-widget_type=\"call-to-action.default\">\n\t\t\t\t<div class=\"elementor-widget-container\">\n\t\t\t\t\t\t\t<div class=\"elementor-cta\">\n\t\t\t\t\t<div class=\"elementor-cta__bg-wrapper\">\n\t\t\t\t<div class=\"elementor-cta__bg elementor-bg\" style=\"background-image: url(https:\/\/stephanie-wedding.com\/wp-content\/uploads\/2025\/12\/stephanie-weddings-hochzeitsplanung-sueddeutschland-oesterreich15-scaled.jpg);\" role=\"img\" aria-label=\"De bruid in een witte jurk en de bruidegom in een pak zitten op strobalen en poseren samen voor een trouwfoto in Oostenrijk.\"><\/div>\n\t\t\t\t<div class=\"elementor-cta__bg-overlay\"><\/div>\n\t\t\t<\/div>\n\t\t\t\t\t\t\t<div class=\"elementor-cta__content\">\n\t\t\t\t\n\t\t\t\t\t\t\t\t\t<h3 class=\"elementor-cta__title elementor-cta__content-item elementor-content-item\">\n\t\t\t\t\t\tKatharina &amp; Thomas\t\t\t\t\t<\/h3>\n\t\t\t\t\n\t\t\t\t\t\t\t\t\t<div class=\"elementor-cta__description elementor-cta__content-item elementor-content-item\">\n\t\t\t\t\t\tTrouwen in Oostenrijk\t\t\t\t\t<\/div>\n\t\t\t\t\n\t\t\t\t\t\t\t\t\t<div class=\"elementor-cta__button-wrapper elementor-cta__content-item elementor-content-item\">\n\t\t\t\t\t<a class=\"elementor-cta__button elementor-button elementor-size-\" href=\"https:\/\/stephanie-wedding.com\/nl\/katharina-thomas\/\" target=\"_blank\">\n\t\t\t\t\t\tMeer informatie\t\t\t\t\t<\/a>\n\t\t\t\t\t<\/div>\n\t\t\t\t\t\t\t<\/div>\n\t\t\t\t\t\t<\/div>\n\t\t\t\t\t\t<\/div>\n\t\t\t\t<\/div>\n\t\t\t\t<div class=\"elementor-element elementor-element-a3619dd elementor-cta--skin-cover elementor-cta--valign-bottom elementor-bg-transform elementor-bg-transform-zoom-in elementor-widget elementor-widget-call-to-action\" data-id=\"a3619dd\" data-element_type=\"widget\" data-e-type=\"widget\" data-widget_type=\"call-to-action.default\">\n\t\t\t\t<div class=\"elementor-widget-container\">\n\t\t\t\t\t\t\t<div class=\"elementor-cta\">\n\t\t\t\t\t<div class=\"elementor-cta__bg-wrapper\">\n\t\t\t\t<div class=\"elementor-cta__bg elementor-bg\" style=\"background-image: url(https:\/\/stephanie-wedding.com\/wp-content\/uploads\/2026\/02\/stephanie-weddings-hochzeitsplanung-sueddeutschland-oesterreich-fuschl-see-15-scaled.jpg);\" role=\"img\" aria-label=\"Braut und Br\u00e4utigam halten sich an den H\u00e4nden und spazieren auf einem Steg an einem See mit Bergen im Hintergrund - eine unvergessliche Hochzeit in S\u00fcddeutschland.\"><\/div>\n\t\t\t\t<div class=\"elementor-cta__bg-overlay\"><\/div>\n\t\t\t<\/div>\n\t\t\t\t\t\t\t<div class=\"elementor-cta__content\">\n\t\t\t\t\n\t\t\t\t\t\t\t\t\t<h3 class=\"elementor-cta__title elementor-cta__content-item elementor-content-item\">\n\t\t\t\t\t\tJulia &amp; Hugo\t\t\t\t\t<\/h3>\n\t\t\t\t\n\t\t\t\t\t\t\t\t\t<div class=\"elementor-cta__description elementor-cta__content-item elementor-content-item\">\n\t\t\t\t\t\tBruiloft aan het Fuschlermeer\t\t\t\t\t<\/div>\n\t\t\t\t\n\t\t\t\t\t\t\t\t\t<div class=\"elementor-cta__button-wrapper elementor-cta__content-item elementor-content-item\">\n\t\t\t\t\t<a class=\"elementor-cta__button elementor-button elementor-size-\" href=\"https:\/\/stephanie-wedding.com\/nl\/julia-hugo\/\" target=\"_blank\">\n\t\t\t\t\t\tMeer informatie\t\t\t\t\t<\/a>\n\t\t\t\t\t<\/div>\n\t\t\t\t\t\t\t<\/div>\n\t\t\t\t\t\t<\/div>\n\t\t\t\t\t\t<\/div>\n\t\t\t\t<\/div>\n\t\t\t\t<div class=\"elementor-element elementor-element-4b7cd0d elementor-cta--skin-cover elementor-cta--valign-bottom elementor-bg-transform elementor-bg-transform-zoom-in elementor-widget elementor-widget-call-to-action\" data-id=\"4b7cd0d\" data-element_type=\"widget\" data-e-type=\"widget\" data-widget_type=\"call-to-action.default\">\n\t\t\t\t<div class=\"elementor-widget-container\">\n\t\t\t\t\t\t\t<div class=\"elementor-cta\">\n\t\t\t\t\t<div class=\"elementor-cta__bg-wrapper\">\n\t\t\t\t<div class=\"elementor-cta__bg elementor-bg\" style=\"background-image: url(https:\/\/stephanie-wedding.com\/wp-content\/uploads\/2025\/12\/SchlossWolfsegg_Oesterreich-hochzeitsplanerin-stephanie-weddings-3-scaled.jpg);\" role=\"img\" aria-label=\"Ein l\u00e4chelndes Paar in Hochzeitskleidung genie\u00dft Cr\u00eapes unter freiem Himmel, dicht neben einem Imbisswagen stehend - und f\u00e4ngt damit den Charme einer Feier in S\u00fcddeutschland ein.\"><\/div>\n\t\t\t\t<div class=\"elementor-cta__bg-overlay\"><\/div>\n\t\t\t<\/div>\n\t\t\t\t\t\t\t<div class=\"elementor-cta__content\">\n\t\t\t\t\n\t\t\t\t\t\t\t\t\t<h3 class=\"elementor-cta__title elementor-cta__content-item elementor-content-item\">\n\t\t\t\t\t\tMilad &amp; Maryam\t\t\t\t\t<\/h3>\n\t\t\t\t\n\t\t\t\t\t\t\t\t\t<div class=\"elementor-cta__description elementor-cta__content-item elementor-content-item\">\n\t\t\t\t\t\tStijl schieten klassiek, tijdloos, elegant\t\t\t\t\t<\/div>\n\t\t\t\t\n\t\t\t\t\t\t\t\t\t<div class=\"elementor-cta__button-wrapper elementor-cta__content-item elementor-content-item\">\n\t\t\t\t\t<a class=\"elementor-cta__button elementor-button elementor-size-\" href=\"https:\/\/stephanie-wedding.com\/nl\/styleshoot-milad-maryam\/\" target=\"_blank\">\n\t\t\t\t\t\tMeer informatie\t\t\t\t\t<\/a>\n\t\t\t\t\t<\/div>\n\t\t\t\t\t\t\t<\/div>\n\t\t\t\t\t\t<\/div>\n\t\t\t\t\t\t<\/div>\n\t\t\t\t<\/div>\n\t\t\t\t<div class=\"elementor-element elementor-element-9119112 elementor-cta--skin-cover elementor-cta--valign-bottom elementor-bg-transform elementor-bg-transform-zoom-in elementor-widget elementor-widget-call-to-action\" data-id=\"9119112\" data-element_type=\"widget\" data-e-type=\"widget\" data-widget_type=\"call-to-action.default\">\n\t\t\t\t<div class=\"elementor-widget-container\">\n\t\t\t\t\t\t\t<div class=\"elementor-cta\">\n\t\t\t\t\t<div class=\"elementor-cta__bg-wrapper\">\n\t\t\t\t<div class=\"elementor-cta__bg elementor-bg\" style=\"background-image: url(https:\/\/stephanie-wedding.com\/wp-content\/uploads\/2026\/02\/hochzeitsplanerin-stephanie-weddings-styled-shooting-lets-rock-23-scaled.jpg);\" role=\"img\" aria-label=\"Zwei Frauen teilen einen intimen Moment auf einem Motorrad im Freien in S\u00fcddeutschland, die eine ber\u00fchrt sanft das Gesicht der anderen - perfekt eingefangen von einer Hochzeitsplanerin.\"><\/div>\n\t\t\t\t<div class=\"elementor-cta__bg-overlay\"><\/div>\n\t\t\t<\/div>\n\t\t\t\t\t\t\t<div class=\"elementor-cta__content\">\n\t\t\t\t\n\t\t\t\t\t\t\t\t\t<h3 class=\"elementor-cta__title elementor-cta__content-item elementor-content-item\">\n\t\t\t\t\t\tKathi &amp; Laura\t\t\t\t\t<\/h3>\n\t\t\t\t\n\t\t\t\t\t\t\t\t\t<div class=\"elementor-cta__description elementor-cta__content-item elementor-content-item\">\n\t\t\t\t\t\tStijlschieten Let's Rock\t\t\t\t\t<\/div>\n\t\t\t\t\n\t\t\t\t\t\t\t\t\t<div class=\"elementor-cta__button-wrapper elementor-cta__content-item elementor-content-item\">\n\t\t\t\t\t<a class=\"elementor-cta__button elementor-button elementor-size-\" href=\"https:\/\/stephanie-wedding.com\/nl\/styleshooting-kathi-laura\/\" target=\"_blank\">\n\t\t\t\t\t\tMeer informatie\t\t\t\t\t<\/a>\n\t\t\t\t\t<\/div>\n\t\t\t\t\t\t\t<\/div>\n\t\t\t\t\t\t<\/div>\n\t\t\t\t\t\t<\/div>\n\t\t\t\t<\/div>\n\t\t\t\t<div class=\"elementor-element elementor-element-0841660 elementor-cta--skin-cover elementor-cta--valign-bottom elementor-bg-transform elementor-bg-transform-zoom-in elementor-widget elementor-widget-call-to-action\" data-id=\"0841660\" data-element_type=\"widget\" data-e-type=\"widget\" data-widget_type=\"call-to-action.default\">\n\t\t\t\t<div class=\"elementor-widget-container\">\n\t\t\t\t\t\t\t<div class=\"elementor-cta\">\n\t\t\t\t\t<div class=\"elementor-cta__bg-wrapper\">\n\t\t\t\t<div class=\"elementor-cta__bg elementor-bg\" style=\"background-image: url(https:\/\/stephanie-wedding.com\/wp-content\/uploads\/2025\/12\/stephanie-weddings-hochzeitsplanerin-lichtermeer-oesterreich28-scaled.jpg);\" role=\"img\" aria-label=\"Een vrolijk stel viert aan een champagnefontein, omringd door kaarsen en lichtjes in een gezellige ruimte - de perfecte inspiratie voor elke bruiloftsplanner in Oostenrijk of Zuid-Duitsland.\"><\/div>\n\t\t\t\t<div class=\"elementor-cta__bg-overlay\"><\/div>\n\t\t\t<\/div>\n\t\t\t\t\t\t\t<div class=\"elementor-cta__content\">\n\t\t\t\t\n\t\t\t\t\t\t\t\t\t<h3 class=\"elementor-cta__title elementor-cta__content-item elementor-content-item\">\n\t\t\t\t\t\tTessa &amp; Julian\t\t\t\t\t<\/h3>\n\t\t\t\t\n\t\t\t\t\t\t\t\t\t<div class=\"elementor-cta__description elementor-cta__content-item elementor-content-item\">\n\t\t\t\t\t\tStijlopname Sea of Lights\t\t\t\t\t<\/div>\n\t\t\t\t\n\t\t\t\t\t\t\t\t\t<div class=\"elementor-cta__button-wrapper elementor-cta__content-item elementor-content-item\">\n\t\t\t\t\t<a class=\"elementor-cta__button elementor-button elementor-size-\" href=\"https:\/\/stephanie-wedding.com\/nl\/style-shooting-tessa-julian\/\" target=\"_blank\">\n\t\t\t\t\t\tMeer informatie\t\t\t\t\t<\/a>\n\t\t\t\t\t<\/div>\n\t\t\t\t\t\t\t<\/div>\n\t\t\t\t\t\t<\/div>\n\t\t\t\t\t\t<\/div>\n\t\t\t\t<\/div>\n\t\t\t\t<div class=\"elementor-element elementor-element-deb007e elementor-cta--skin-cover elementor-cta--valign-bottom elementor-bg-transform elementor-bg-transform-zoom-in elementor-widget elementor-widget-call-to-action\" data-id=\"deb007e\" data-element_type=\"widget\" data-e-type=\"widget\" data-widget_type=\"call-to-action.default\">\n\t\t\t\t<div class=\"elementor-widget-container\">\n\t\t\t\t\t\t\t<div class=\"elementor-cta\">\n\t\t\t\t\t<div class=\"elementor-cta__bg-wrapper\">\n\t\t\t\t<div class=\"elementor-cta__bg elementor-bg\" style=\"background-image: url(https:\/\/stephanie-wedding.com\/wp-content\/uploads\/2025\/12\/berghochzeit-mountain-wedding-planning-by-stephanie26-scaled.jpg);\" role=\"img\" aria-label=\"Braut und Br\u00e4utigam k\u00fcssen sich im Freien bei einer Hochzeit in den Bergen in S\u00fcddeutschland, umgeben von Blumenarrangements und fachkundigen H\u00e4nden einer Hochzeitsplanerin.\"><\/div>\n\t\t\t\t<div class=\"elementor-cta__bg-overlay\"><\/div>\n\t\t\t<\/div>\n\t\t\t\t\t\t\t<div class=\"elementor-cta__content\">\n\t\t\t\t\n\t\t\t\t\t\t\t\t\t<h3 class=\"elementor-cta__title elementor-cta__content-item elementor-content-item\">\n\t\t\t\t\t\tMadeleine &amp; Sebastian\t\t\t\t\t<\/h3>\n\t\t\t\t\n\t\t\t\t\t\t\t\t\t<div class=\"elementor-cta__description elementor-cta__content-item elementor-content-item\">\n\t\t\t\t\t\tStijlschieten Elegantie in mauve\t\t\t\t\t<\/div>\n\t\t\t\t\n\t\t\t\t\t\t\t\t\t<div class=\"elementor-cta__button-wrapper elementor-cta__content-item elementor-content-item\">\n\t\t\t\t\t<a class=\"elementor-cta__button elementor-button elementor-size-\" href=\"https:\/\/stephanie-wedding.com\/nl\/style-shooting-madeleine-sebastian\/\" target=\"_blank\">\n\t\t\t\t\t\tMeer informatie\t\t\t\t\t<\/a>\n\t\t\t\t\t<\/div>\n\t\t\t\t\t\t\t<\/div>\n\t\t\t\t\t\t<\/div>\n\t\t\t\t\t\t<\/div>\n\t\t\t\t<\/div>\n\t\t\t\t<div class=\"elementor-element elementor-element-342b8c1 elementor-cta--skin-cover elementor-cta--valign-bottom elementor-bg-transform elementor-bg-transform-zoom-in elementor-widget elementor-widget-call-to-action\" data-id=\"342b8c1\" data-element_type=\"widget\" data-e-type=\"widget\" data-widget_type=\"call-to-action.default\">\n\t\t\t\t<div class=\"elementor-widget-container\">\n\t\t\t\t\t\t\t<div class=\"elementor-cta\">\n\t\t\t\t\t<div class=\"elementor-cta__bg-wrapper\">\n\t\t\t\t<div class=\"elementor-cta__bg elementor-bg\" style=\"background-image: url(https:\/\/stephanie-wedding.com\/wp-content\/uploads\/2026\/01\/stephanie-weddings-hochzeitsplanung-oesterreich-8-scaled.jpg);\" role=\"img\" aria-label=\"Ein \u00e4lteres Ehepaar in f\u00f6rmlicher Kleidung steht im Freien, umgeben von bunten Blumen und Kerzen, und l\u00e4chelt sich gegenseitig zu - und f\u00e4ngt damit die Freude \u00fcber eine Hochzeit in S\u00fcddeutschland ein.\"><\/div>\n\t\t\t\t<div class=\"elementor-cta__bg-overlay\"><\/div>\n\t\t\t<\/div>\n\t\t\t\t\t\t\t<div class=\"elementor-cta__content\">\n\t\t\t\t\n\t\t\t\t\t\t\t\t\t<h3 class=\"elementor-cta__title elementor-cta__content-item elementor-content-item\">\n\t\t\t\t\t\tMartha &amp; Uwe\t\t\t\t\t<\/h3>\n\t\t\t\t\n\t\t\t\t\t\t\t\t\t<div class=\"elementor-cta__description elementor-cta__content-item elementor-content-item\">\n\t\t\t\t\t\tStijl Opname Kleur Vermogen\t\t\t\t\t<\/div>\n\t\t\t\t\n\t\t\t\t\t\t\t\t\t<div class=\"elementor-cta__button-wrapper elementor-cta__content-item elementor-content-item\">\n\t\t\t\t\t<a class=\"elementor-cta__button elementor-button elementor-size-\" href=\"https:\/\/stephanie-wedding.com\/nl\/style-shooting-martha-uwe\/\" target=\"_blank\">\n\t\t\t\t\t\tMeer informatie\t\t\t\t\t<\/a>\n\t\t\t\t\t<\/div>\n\t\t\t\t\t\t\t<\/div>\n\t\t\t\t\t\t<\/div>\n\t\t\t\t\t\t<\/div>\n\t\t\t\t<\/div>\n\t\t\t\t<div class=\"elementor-element elementor-element-8790ac5 elementor-cta--skin-cover elementor-cta--valign-bottom elementor-bg-transform elementor-bg-transform-zoom-in elementor-widget elementor-widget-call-to-action\" data-id=\"8790ac5\" data-element_type=\"widget\" data-e-type=\"widget\" data-widget_type=\"call-to-action.default\">\n\t\t\t\t<div class=\"elementor-widget-container\">\n\t\t\t\t\t\t\t<div class=\"elementor-cta\">\n\t\t\t\t\t<div class=\"elementor-cta__bg-wrapper\">\n\t\t\t\t<div class=\"elementor-cta__bg elementor-bg\" style=\"background-image: url(https:\/\/stephanie-wedding.com\/wp-content\/uploads\/2026\/02\/stephanie-weddings-hochzeitsplanung-alm-23-scaled.jpg);\" role=\"img\" aria-label=\"Ein Paar umarmt sich im Freien in S\u00fcddeutschland; die Frau h\u00e4lt einen Blumenstrau\u00df in der Hand, tr\u00e4gt eine Blumenkrone und einen langen blauen Rock und f\u00e4ngt damit das Wesen einer romantischen Hochzeit ein.\"><\/div>\n\t\t\t\t<div class=\"elementor-cta__bg-overlay\"><\/div>\n\t\t\t<\/div>\n\t\t\t\t\t\t\t<div class=\"elementor-cta__content\">\n\t\t\t\t\n\t\t\t\t\t\t\t\t\t<h3 class=\"elementor-cta__title elementor-cta__content-item elementor-content-item\">\n\t\t\t\t\t\tNatalie &amp; Marcel\t\t\t\t\t<\/h3>\n\t\t\t\t\n\t\t\t\t\t\t\t\t\t<div class=\"elementor-cta__description elementor-cta__content-item elementor-content-item\">\n\t\t\t\t\t\tStijl shoot romantische shoot\t\t\t\t\t<\/div>\n\t\t\t\t\n\t\t\t\t\t\t\t\t\t<div class=\"elementor-cta__button-wrapper elementor-cta__content-item elementor-content-item\">\n\t\t\t\t\t<a class=\"elementor-cta__button elementor-button elementor-size-\" href=\"https:\/\/stephanie-wedding.com\/nl\/style-shooting-natalie-marcel\/\" target=\"_blank\">\n\t\t\t\t\t\tMeer informatie\t\t\t\t\t<\/a>\n\t\t\t\t\t<\/div>\n\t\t\t\t\t\t\t<\/div>\n\t\t\t\t\t\t<\/div>\n\t\t\t\t\t\t<\/div>\n\t\t\t\t<\/div>\n\t\t\t\t<div class=\"elementor-element elementor-element-7bc1587 elementor-cta--skin-cover elementor-cta--valign-bottom elementor-bg-transform elementor-bg-transform-zoom-in elementor-widget elementor-widget-call-to-action\" data-id=\"7bc1587\" data-element_type=\"widget\" data-e-type=\"widget\" data-widget_type=\"call-to-action.default\">\n\t\t\t\t<div class=\"elementor-widget-container\">\n\t\t\t\t\t\t\t<div class=\"elementor-cta\">\n\t\t\t\t\t<div class=\"elementor-cta__bg-wrapper\">\n\t\t\t\t<div class=\"elementor-cta__bg elementor-bg\" style=\"background-image: url(https:\/\/stephanie-wedding.com\/wp-content\/uploads\/2026\/01\/stephanie-weddings-hochzeitsplanung-Salzburg-1-scaled.jpg);\" role=\"img\" aria-label=\"Een bruidegom tilt zijn bruid op voor een meer en bergen onder een bewolkte hemel, en legt zo een magisch huwelijksmoment in Zuid-Duitsland vast.\"><\/div>\n\t\t\t\t<div class=\"elementor-cta__bg-overlay\"><\/div>\n\t\t\t<\/div>\n\t\t\t\t\t\t\t<div class=\"elementor-cta__content\">\n\t\t\t\t\n\t\t\t\t\t\t\t\t\t<h3 class=\"elementor-cta__title elementor-cta__content-item elementor-content-item\">\n\t\t\t\t\t\tAlin &amp; Manuel\t\t\t\t\t<\/h3>\n\t\t\t\t\n\t\t\t\t\t\t\t\t\t<div class=\"elementor-cta__description elementor-cta__content-item elementor-content-item\">\n\t\t\t\t\t\tStijlvol schieten Alpine elegantie\t\t\t\t\t<\/div>\n\t\t\t\t\n\t\t\t\t\t\t\t\t\t<div class=\"elementor-cta__button-wrapper elementor-cta__content-item elementor-content-item\">\n\t\t\t\t\t<a class=\"elementor-cta__button elementor-button elementor-size-\" href=\"https:\/\/stephanie-wedding.com\/nl\/style-shooting-alin-manuel\/\" target=\"_blank\">\n\t\t\t\t\t\tMeer informatie\t\t\t\t\t<\/a>\n\t\t\t\t\t<\/div>\n\t\t\t\t\t\t\t<\/div>\n\t\t\t\t\t\t<\/div>\n\t\t\t\t\t\t<\/div>\n\t\t\t\t<\/div>\n\t\t\t\t<div class=\"elementor-element elementor-element-19bcc72 elementor-cta--skin-cover elementor-cta--valign-bottom elementor-bg-transform elementor-bg-transform-zoom-in elementor-widget elementor-widget-call-to-action\" data-id=\"19bcc72\" data-element_type=\"widget\" data-e-type=\"widget\" data-widget_type=\"call-to-action.default\">\n\t\t\t\t<div class=\"elementor-widget-container\">\n\t\t\t\t\t\t\t<div class=\"elementor-cta\">\n\t\t\t\t\t<div class=\"elementor-cta__bg-wrapper\">\n\t\t\t\t<div class=\"elementor-cta__bg elementor-bg\" style=\"background-image: url(https:\/\/stephanie-wedding.com\/wp-content\/uploads\/2026\/02\/stephanie-weddings-hochzeitsplanung-weihnachts-shooting-4-scaled.jpg);\" role=\"img\" aria-label=\"Zwei M\u00e4nner in Anz\u00fcgen, ein brauner und ein roter, stehen eng beieinander und l\u00e4cheln vor einem geschm\u00fcckten Geb\u00e4ude in \u00d6sterreich, um ihre Hochzeit zu feiern.\"><\/div>\n\t\t\t\t<div class=\"elementor-cta__bg-overlay\"><\/div>\n\t\t\t<\/div>\n\t\t\t\t\t\t\t<div class=\"elementor-cta__content\">\n\t\t\t\t\n\t\t\t\t\t\t\t\t\t<h3 class=\"elementor-cta__title elementor-cta__content-item elementor-content-item\">\n\t\t\t\t\t\tMax &amp; Daniel\t\t\t\t\t<\/h3>\n\t\t\t\t\n\t\t\t\t\t\t\t\t\t<div class=\"elementor-cta__description elementor-cta__content-item elementor-content-item\">\n\t\t\t\t\t\tKerst shoot\t\t\t\t\t<\/div>\n\t\t\t\t\n\t\t\t\t\t\t\t\t\t<div class=\"elementor-cta__button-wrapper elementor-cta__content-item elementor-content-item\">\n\t\t\t\t\t<a class=\"elementor-cta__button elementor-button elementor-size-\" href=\"https:\/\/stephanie-wedding.com\/nl\/weihnachts-shooting-max-daniel\/\" target=\"_blank\">\n\t\t\t\t\t\tMeer informatie\t\t\t\t\t<\/a>\n\t\t\t\t\t<\/div>\n\t\t\t\t\t\t\t<\/div>\n\t\t\t\t\t\t<\/div>\n\t\t\t\t\t\t<\/div>\n\t\t\t\t<\/div>\n\t\t\t\t<\/div>\n\t\t\t\t<\/div>\n\t\t\t\t<\/div>\n\t\t<div class=\"elementor-element elementor-element-d7dd5b1 e-con-full e-flex e-con e-parent\" data-id=\"d7dd5b1\" data-element_type=\"container\" data-e-type=\"container\" data-settings=\"{&quot;background_background&quot;:&quot;classic&quot;}\">\n\t\t<div class=\"elementor-element elementor-element-5c3d102 e-con-full e-flex e-con e-child\" data-id=\"5c3d102\" data-element_type=\"container\" data-e-type=\"container\">\n\t\t\t\t<div class=\"elementor-element elementor-element-a32e0e5 elementor-invisible elementor-widget elementor-widget-heading\" data-id=\"a32e0e5\" data-element_type=\"widget\" data-e-type=\"widget\" data-settings=\"{&quot;_animation&quot;:&quot;fadeInUp&quot;}\" data-widget_type=\"heading.default\">\n\t\t\t\t<div class=\"elementor-widget-container\">\n\t\t\t\t\t<h2 class=\"elementor-heading-title elementor-size-default\">Dus je bruiloft met mij als<br> Look weddingplanner<\/h2>\t\t\t\t<\/div>\n\t\t\t\t<\/div>\n\t\t\t\t<div class=\"elementor-element elementor-element-70cd471 elementor-icon-list--layout-inline elementor-align-center elementor-mobile-align-center elementor-list-item-link-full_width elementor-widget elementor-widget-icon-list\" data-id=\"70cd471\" data-element_type=\"widget\" data-e-type=\"widget\" data-widget_type=\"icon-list.default\">\n\t\t\t\t<div class=\"elementor-widget-container\">\n\t\t\t\t\t\t\t<ul class=\"elementor-icon-list-items elementor-inline-items\">\n\t\t\t\t\t\t\t<li class=\"elementor-icon-list-item elementor-inline-item\">\n\t\t\t\t\t\t\t\t\t\t\t<span class=\"elementor-icon-list-icon\">\n\t\t\t\t\t\t\t<svg aria-hidden=\"true\" class=\"e-font-icon-svg e-fas-map-marker-alt\" viewbox=\"0 0 384 512\" xmlns=\"http:\/\/www.w3.org\/2000\/svg\"><path d=\"M172.268 501.67C26.97 291.031 0 269.413 0 192 0 85.961 85.961 0 192 0s192 85.961 192 192c0 77.413-26.97 99.031-172.268 309.67-9.535 13.774-29.93 13.773-39.464 0zM192 272c44.183 0 80-35.817 80-80s-35.817-80-80-80-80 35.817-80 80 35.817 80 80 80z\"><\/path><\/svg>\t\t\t\t\t\t<\/span>\n\t\t\t\t\t\t\t\t\t\t<span class=\"elementor-icon-list-text\">Zuid-Duitsland<\/span>\n\t\t\t\t\t\t\t\t\t<\/li>\n\t\t\t\t\t\t\t\t<li class=\"elementor-icon-list-item elementor-inline-item\">\n\t\t\t\t\t\t\t\t\t\t\t<span class=\"elementor-icon-list-icon\">\n\t\t\t\t\t\t\t<svg aria-hidden=\"true\" class=\"e-font-icon-svg e-fas-map-marker-alt\" viewbox=\"0 0 384 512\" xmlns=\"http:\/\/www.w3.org\/2000\/svg\"><path d=\"M172.268 501.67C26.97 291.031 0 269.413 0 192 0 85.961 85.961 0 192 0s192 85.961 192 192c0 77.413-26.97 99.031-172.268 309.67-9.535 13.774-29.93 13.773-39.464 0zM192 272c44.183 0 80-35.817 80-80s-35.817-80-80-80-80 35.817-80 80 35.817 80 80 80z\"><\/path><\/svg>\t\t\t\t\t\t<\/span>\n\t\t\t\t\t\t\t\t\t\t<span class=\"elementor-icon-list-text\">Oostenrijk<\/span>\n\t\t\t\t\t\t\t\t\t<\/li>\n\t\t\t\t\t\t\t\t<li class=\"elementor-icon-list-item elementor-inline-item\">\n\t\t\t\t\t\t\t\t\t\t\t<span class=\"elementor-icon-list-icon\">\n\t\t\t\t\t\t\t<svg aria-hidden=\"true\" class=\"e-font-icon-svg e-fas-map-marker-alt\" viewbox=\"0 0 384 512\" xmlns=\"http:\/\/www.w3.org\/2000\/svg\"><path d=\"M172.268 501.67C26.97 291.031 0 269.413 0 192 0 85.961 85.961 0 192 0s192 85.961 192 192c0 77.413-26.97 99.031-172.268 309.67-9.535 13.774-29.93 13.773-39.464 0zM192 272c44.183 0 80-35.817 80-80s-35.817-80-80-80-80 35.817-80 80 35.817 80 80 80z\"><\/path><\/svg>\t\t\t\t\t\t<\/span>\n\t\t\t\t\t\t\t\t\t\t<span class=\"elementor-icon-list-text\">in de bergen<\/span>\n\t\t\t\t\t\t\t\t\t<\/li>\n\t\t\t\t\t\t<\/ul>\n\t\t\t\t\t\t<\/div>\n\t\t\t\t<\/div>\n\t\t\t\t<div class=\"elementor-element elementor-element-a5d486e elementor-widget elementor-widget-text-editor\" data-id=\"a5d486e\" data-element_type=\"widget\" data-e-type=\"widget\" data-widget_type=\"text-editor.default\">\n\t\t\t\t<div class=\"elementor-widget-container\">\n\t\t\t\t\t\t\t\t\t<p><strong data-start=\"117\" data-end=\"201\">Ben je op zoek naar esthetiek, structuur en echte exclusiviteit? Dan zijn wij een goede match.<\/strong><br data-start=\"201\" data-end=\"204\" \/>Als weddingplanner met vele jaren ervaring en een precies oog voor stijl, begeleid ik jullie persoonlijk - van de eerste visie tot het laatste moment van jullie feest. Mijn doel: een planning die niet alleen werkt, maar ook jullie verwachtingen overtreft.<\/p>\t\t\t\t\t\t\t\t<\/div>\n\t\t\t\t<\/div>\n\t\t<div class=\"elementor-element elementor-element-9c4aee9 e-con-full e-flex e-con e-child\" data-id=\"9c4aee9\" data-element_type=\"container\" data-e-type=\"container\">\n\t\t<div class=\"elementor-element elementor-element-827eef7 e-con-full e-flex e-con e-child\" data-id=\"827eef7\" data-element_type=\"container\" data-e-type=\"container\" data-settings=\"{&quot;background_background&quot;:&quot;classic&quot;}\">\n\t\t\t\t<\/div>\n\t\t<div class=\"elementor-element elementor-element-6ba03ae e-con-full e-flex e-con e-child\" data-id=\"6ba03ae\" data-element_type=\"container\" data-e-type=\"container\" data-settings=\"{&quot;background_background&quot;:&quot;video&quot;,&quot;background_video_link&quot;:&quot;https:\\\/\\\/youtube.com\\\/shorts\\\/j1733C9DbVk&quot;,&quot;background_play_on_mobile&quot;:&quot;yes&quot;}\">\n\t\t<div class=\"elementor-background-video-container\">\n\t\t\t\t\t\t\t<div class=\"elementor-background-video-embed\" role=\"presentation\"><\/div>\n\t\t\t\t\t\t<\/div>\t\t<\/div>\n\t\t<div class=\"elementor-element elementor-element-3303d3b e-con-full e-flex e-con e-child\" data-id=\"3303d3b\" data-element_type=\"container\" data-e-type=\"container\" data-settings=\"{&quot;background_background&quot;:&quot;classic&quot;}\">\n\t\t\t\t<\/div>\n\t\t\t\t<\/div>\n\t\t\t\t<\/div>\n\t\t\t\t<\/div>\n\t\t\t\t<\/div>","protected":false},"excerpt":{"rendered":"<p>Love Stories Erstgespr\u00e4ch vereinbaren Jede Hochzeit erz\u00e4hlt ihre eigene Geschichte Individuelle Hochzeiten, geplant mit Struktur und Anspruch Keine Hochzeit gleicht der anderen. Unterschiedliche Pers\u00f6nlichkeiten, Orte und Rahmenbedingungen f\u00fchren zu ganz individuellen Feiern. In meinen Love Stories zeige ich ausgew\u00e4hlte Hochzeiten, die ich planen und begleiten durfte. Der Fokus liegt dabei nicht auf Inszenierung, sondern auf [&hellip;]<\/p>\n","protected":false},"author":3,"featured_media":0,"parent":0,"menu_order":0,"comment_status":"closed","ping_status":"closed","template":"elementor_header_footer","meta":{"footnotes":""},"class_list":["post-4277","page","type-page","status-publish","hentry"],"_links":{"self":[{"href":"https:\/\/stephanie-wedding.com\/nl\/wp-json\/wp\/v2\/pages\/4277","targetHints":{"allow":["GET"]}}],"collection":[{"href":"https:\/\/stephanie-wedding.com\/nl\/wp-json\/wp\/v2\/pages"}],"about":[{"href":"https:\/\/stephanie-wedding.com\/nl\/wp-json\/wp\/v2\/types\/page"}],"author":[{"embeddable":true,"href":"https:\/\/stephanie-wedding.com\/nl\/wp-json\/wp\/v2\/users\/3"}],"replies":[{"embeddable":true,"href":"https:\/\/stephanie-wedding.com\/nl\/wp-json\/wp\/v2\/comments?post=4277"}],"version-history":[{"count":10,"href":"https:\/\/stephanie-wedding.com\/nl\/wp-json\/wp\/v2\/pages\/4277\/revisions"}],"predecessor-version":[{"id":6792,"href":"https:\/\/stephanie-wedding.com\/nl\/wp-json\/wp\/v2\/pages\/4277\/revisions\/6792"}],"wp:attachment":[{"href":"https:\/\/stephanie-wedding.com\/nl\/wp-json\/wp\/v2\/media?parent=4277"}],"curies":[{"name":"wp","href":"https:\/\/api.w.org\/{rel}","templated":true}]}}